{"id":77,"date":"2021-01-08T14:48:35","date_gmt":"2021-01-08T14:48:35","guid":{"rendered":"https:\/\/www.veitensteingruppe.de\/?page_id=77"},"modified":"2024-04-19T11:04:18","modified_gmt":"2024-04-19T11:04:18","slug":"veitensteingruppe","status":"publish","type":"page","link":"https:\/\/www.veitensteingruppe.de\/index.php\/veitensteingruppe\/","title":{"rendered":"Veitensteingruppe"},"content":{"rendered":"<p>[et_pb_section fb_built=&#8220;1&#8243; _builder_version=&#8220;4.16&#8243; _module_preset=&#8220;default&#8220; custom_padding=&#8220;0px||4px|||&#8220; global_colors_info=&#8220;{}&#8220;][et_pb_row _builder_version=&#8220;4.16&#8243; _module_preset=&#8220;default&#8220; width=&#8220;100%&#8220; max_width=&#8220;100%&#8220; custom_padding=&#8220;0px||23px|||&#8220; global_colors_info=&#8220;{}&#8220;][et_pb_column type=&#8220;4_4&#8243; _builder_version=&#8220;4.16&#8243; _module_preset=&#8220;default&#8220; global_colors_info=&#8220;{}&#8220;][et_pb_image src=&#8220;https:\/\/www.veitensteingruppe.de\/wp-content\/uploads\/2021\/01\/Wasserglaeser_header.jpg&#8220; title_text=&#8220;Wasserglaeser_header&#8220; force_fullwidth=&#8220;on&#8220; _builder_version=&#8220;4.16&#8243; _module_preset=&#8220;default&#8220; custom_padding=&#8220;|0px||||&#8220; animation_style=&#8220;slide&#8220; animation_direction=&#8220;bottom&#8220; global_colors_info=&#8220;{}&#8220;][\/et_pb_image][\/et_pb_column][\/et_pb_row][\/et_pb_section][et_pb_section fb_built=&#8220;1&#8243; _builder_version=&#8220;4.16&#8243; _module_preset=&#8220;default&#8220; use_background_color_gradient=&#8220;on&#8220; background_color_gradient_direction=&#8220;1deg&#8220; background_color_gradient_stops=&#8220;rgba(12,113,195,0.27) 0%|rgba(11,116,186,0) 67%&#8220; background_color_gradient_start=&#8220;rgba(12,113,195,0.27)&#8220; background_color_gradient_end=&#8220;rgba(11,116,186,0)&#8220; background_color_gradient_end_position=&#8220;67%&#8220; custom_padding=&#8220;110px|||||&#8220; global_colors_info=&#8220;{}&#8220;][et_pb_row _builder_version=&#8220;4.16&#8243; _module_preset=&#8220;default&#8220; global_colors_info=&#8220;{}&#8220;][et_pb_column type=&#8220;4_4&#8243; _builder_version=&#8220;4.16&#8243; _module_preset=&#8220;default&#8220; global_colors_info=&#8220;{}&#8220;][et_pb_text _builder_version=&#8220;4.16&#8243; _module_preset=&#8220;default&#8220; text_text_color=&#8220;#0c71c3&#8243; header_font=&#8220;|600|||||||&#8220; header_text_color=&#8220;#0c71c3&#8243; header_line_height=&#8220;1.7em&#8220; animation_style=&#8220;slide&#8220; animation_direction=&#8220;bottom&#8220; global_colors_info=&#8220;{}&#8220;]<\/p>\n<h1 style=\"text-align: center;\">Die Veitensteingruppe<\/h1>\n<p>[\/et_pb_text][et_pb_text _builder_version=&#8220;4.16&#8243; _module_preset=&#8220;default&#8220; header_5_font_size=&#8220;18px&#8220; header_5_line_height=&#8220;2em&#8220; width=&#8220;80%&#8220; module_alignment=&#8220;center&#8220; animation_style=&#8220;slide&#8220; animation_direction=&#8220;bottom&#8220; global_colors_info=&#8220;{}&#8220;]<\/p>\n<h5 style=\"text-align: center;\">Die Veitensteingruppe wurde im Jahre 1959 gegr\u00fcndet von den B\u00fcrgermeistern und Gemeinder\u00e4ten der Orte Appendorf, Deusdorf, Rudendorf, Lu\u00dfberg und Kirchlauter, damals noch unter dem Namen Zweckverband Lautergrund. 1962 wurde in der Verbandsversammlung auf Verlangen des Bayerischen Landesamtes f\u00fcr Wasserversorgung und Gew\u00e4sserschutz der &#8222;Zweckverband zur Wasserversorgung der Lautergrund-Gruppe&#8220; in &#8222;Zweckverband zur Wasserversorgung der Veitensteingruppe&#8220; umbenannt. Der Grund daf\u00fcr war, dass es in Bayern zwar mehrere Lautergr\u00fcnde aber nur einen Veitenstein gibt. Somit sind Verwechslungen ausgeschlossen. Im Laufe der Zeit kamen weitere Gemeinden und Ortschaften hinzu. So stellt sich die Veitensteingruppe heute als Zusammenschluss der Gemeinden Kirchlauter, Breitbrunn, Lauter, Ebelsbach und Stadt Baunach dar. Der Hauptsitz befindet sich in Kottendorf.<\/h5>\n<p>[\/et_pb_text][\/et_pb_column][\/et_pb_row][et_pb_row column_structure=&#8220;1_3,1_3,1_3&#8243; _builder_version=&#8220;4.16&#8243; _module_preset=&#8220;default&#8220; global_colors_info=&#8220;{}&#8220;][et_pb_column type=&#8220;1_3&#8243; _builder_version=&#8220;4.16&#8243; _module_preset=&#8220;default&#8220; global_colors_info=&#8220;{}&#8220;][et_pb_image src=&#8220;https:\/\/www.veitensteingruppe.de\/wp-content\/uploads\/2021\/02\/Ruth_Frank-300&#215;300.png&#8220; title_text=&#8220;Ruth_Frank&#8220; align=&#8220;center&#8220; _builder_version=&#8220;4.16&#8243; _module_preset=&#8220;default&#8220; animation_style=&#8220;slide&#8220; animation_direction=&#8220;left&#8220; global_colors_info=&#8220;{}&#8220;][\/et_pb_image][et_pb_text _builder_version=&#8220;4.16&#8243; _module_preset=&#8220;default&#8220; header_font=&#8220;|600|||||||&#8220; header_text_color=&#8220;#466fa5&#8243; animation_style=&#8220;slide&#8220; animation_direction=&#8220;top&#8220; global_colors_info=&#8220;{}&#8220;]<\/p>\n<h1 style=\"text-align: center;\">Ruth Frank<\/h1>\n<p style=\"text-align: center;\">1. Vorsitzende<\/p>\n<p>[\/et_pb_text][\/et_pb_column][et_pb_column type=&#8220;1_3&#8243; _builder_version=&#8220;4.16&#8243; _module_preset=&#8220;default&#8220; global_colors_info=&#8220;{}&#8220;][et_pb_image src=&#8220;https:\/\/www.veitensteingruppe.de\/wp-content\/uploads\/2021\/01\/Daniel_Stuermer-300&#215;300.png&#8220; title_text=&#8220;Daniel_Stuermer&#8220; align=&#8220;center&#8220; _builder_version=&#8220;4.16&#8243; _module_preset=&#8220;default&#8220; animation_style=&#8220;slide&#8220; animation_direction=&#8220;bottom&#8220; global_colors_info=&#8220;{}&#8220;][\/et_pb_image][et_pb_text _builder_version=&#8220;4.16&#8243; _module_preset=&#8220;default&#8220; header_font=&#8220;|600|||||||&#8220; header_text_color=&#8220;#466fa5&#8243; animation_style=&#8220;slide&#8220; animation_direction=&#8220;top&#8220; global_colors_info=&#8220;{}&#8220;]<\/p>\n<h1 style=\"text-align: center;\">Daniel St\u00fcrmer<\/h1>\n<p style=\"text-align: center;\">Gesch\u00e4ftsf\u00fchrer<\/p>\n<p>[\/et_pb_text][\/et_pb_column][et_pb_column type=&#8220;1_3&#8243; _builder_version=&#8220;4.16&#8243; _module_preset=&#8220;default&#8220; global_colors_info=&#8220;{}&#8220;][et_pb_image src=&#8220;https:\/\/www.veitensteingruppe.de\/wp-content\/uploads\/2021\/01\/hr_Grosskopf_final-300&#215;300.png&#8220; title_text=&#8220;hr_Grosskopf_final&#8220; align=&#8220;center&#8220; _builder_version=&#8220;4.16&#8243; _module_preset=&#8220;default&#8220; animation_style=&#8220;slide&#8220; animation_direction=&#8220;right&#8220; global_colors_info=&#8220;{}&#8220;][\/et_pb_image][et_pb_text _builder_version=&#8220;4.16&#8243; _module_preset=&#8220;default&#8220; header_font=&#8220;|600|||||||&#8220; header_text_color=&#8220;#466fa5&#8243; animation_style=&#8220;slide&#8220; animation_direction=&#8220;top&#8220; global_colors_info=&#8220;{}&#8220;]<\/p>\n<h1 style=\"text-align: center;\">Peter Gro\u00dfkopf<\/h1>\n<p style=\"text-align: center;\">2. Vorsitzender<\/p>\n<p>[\/et_pb_text][\/et_pb_column][\/et_pb_row][\/et_pb_section][et_pb_section fb_built=&#8220;1&#8243; _builder_version=&#8220;4.16&#8243; _module_preset=&#8220;default&#8220; use_background_color_gradient=&#8220;on&#8220; background_color_gradient_direction=&#8220;1deg&#8220; background_color_gradient_stops=&#8220;rgba(12,113,195,0.27) 0%|rgba(11,116,186,0) 67%&#8220; background_color_gradient_start=&#8220;rgba(12,113,195,0.27)&#8220; background_color_gradient_end=&#8220;rgba(11,116,186,0)&#8220; background_color_gradient_end_position=&#8220;67%&#8220; custom_padding=&#8220;0px|||||&#8220; global_colors_info=&#8220;{}&#8220;][et_pb_row _builder_version=&#8220;4.16&#8243; _module_preset=&#8220;default&#8220; custom_padding=&#8220;110px|||||&#8220; global_colors_info=&#8220;{}&#8220;][et_pb_column type=&#8220;4_4&#8243; _builder_version=&#8220;4.16&#8243; _module_preset=&#8220;default&#8220; global_colors_info=&#8220;{}&#8220;][et_pb_text _builder_version=&#8220;4.16&#8243; _module_preset=&#8220;default&#8220; text_text_color=&#8220;#0c71c3&#8243; header_font=&#8220;|600|||||||&#8220; header_text_color=&#8220;#0c71c3&#8243; header_line_height=&#8220;1.7em&#8220; animation_style=&#8220;slide&#8220; animation_direction=&#8220;bottom&#8220; global_colors_info=&#8220;{}&#8220;]<\/p>\n<h1 style=\"text-align: center;\">Der Verbandsrat<\/h1>\n<p>[\/et_pb_text][et_pb_text _builder_version=&#8220;4.16&#8243; _module_preset=&#8220;default&#8220; header_5_font_size=&#8220;18px&#8220; header_5_line_height=&#8220;2em&#8220; width=&#8220;80%&#8220; module_alignment=&#8220;center&#8220; animation_style=&#8220;slide&#8220; animation_direction=&#8220;bottom&#8220; global_colors_info=&#8220;{}&#8220;]<\/p>\n<h5 style=\"text-align: center;\">Vorsitzende Bgm. Frank Ruth &#8211; Gemeinde Breitbrunn<br \/>Stellv. Vorsitzender\u00a0 2. Bgm. Gro\u00dfkopf Peter \u2013 Stadt Baunach<br \/>Bgm. Kandler Karl-Heinz \u2013 Gemeinde Kirchlauter<br \/>Bgm. Beck Ronny \u2013 Gemeinde Lauter<br \/>Bgm. Horn Martin \u2013 Gemeinde Ebelsbach<br \/>Verbandsr\u00e4tin Stubenrauch Lieselotte \u2013 Gemeinde Kirchlauter<br \/>Verbandsrat Holzmann Wolfgang \u2013 Gemeinde Kirchlauter<br \/>Verbandsrat Tischner Michael \u2013 Gemeinde Kirchlauter<br \/><span>Verbandsrat Kirchner Sebastian \u2013 Gemeinde Kirchlauter<\/span><br \/>Verbandsrat Greul Stefan \u2013 Gemeinde Breitbrunn<br \/>Verbandsrat Hartmann Helmut \u2013 Gemeinde Lauter<br \/>Verbandsr\u00e4tin Weigmann Hildegard \u2013 Gemeinde Lauter<br \/>Verbandsrat Schug Benedikt \u2013 Stadt Baunach<\/h5>\n<p>[\/et_pb_text][\/et_pb_column][\/et_pb_row][\/et_pb_section][et_pb_section fb_built=&#8220;1&#8243; _builder_version=&#8220;4.16&#8243; _module_preset=&#8220;default&#8220; background_color_gradient_direction=&#8220;1deg&#8220; background_image=&#8220;https:\/\/www.veitensteingruppe.de\/wp-content\/uploads\/2021\/01\/wasserglaeser_hell.jpg&#8220; parallax=&#8220;on&#8220; custom_padding=&#8220;63px||106px|||&#8220; global_colors_info=&#8220;{}&#8220;][et_pb_row _builder_version=&#8220;4.16&#8243; _module_preset=&#8220;default&#8220; custom_padding=&#8220;110px|||||&#8220; global_colors_info=&#8220;{}&#8220;][et_pb_column type=&#8220;4_4&#8243; _builder_version=&#8220;4.16&#8243; _module_preset=&#8220;default&#8220; global_colors_info=&#8220;{}&#8220;][et_pb_text _builder_version=&#8220;4.16&#8243; _module_preset=&#8220;default&#8220; text_text_color=&#8220;#0c71c3&#8243; header_font=&#8220;|600|||||||&#8220; header_text_color=&#8220;#0c71c3&#8243; header_line_height=&#8220;1.7em&#8220; custom_margin=&#8220;||6px|||&#8220; animation_style=&#8220;slide&#8220; animation_direction=&#8220;bottom&#8220; global_colors_info=&#8220;{}&#8220;]<\/p>\n<h1 style=\"text-align: center;\">Die Verbandssatzung<\/h1>\n<p>[\/et_pb_text][et_pb_text _builder_version=&#8220;4.16&#8243; _module_preset=&#8220;default&#8220; header_5_font_size=&#8220;18px&#8220; header_5_line_height=&#8220;2em&#8220; width=&#8220;80%&#8220; module_alignment=&#8220;center&#8220; animation_style=&#8220;slide&#8220; animation_direction=&#8220;bottom&#8220; global_colors_info=&#8220;{}&#8220;]<\/p>\n<h5 style=\"text-align: center;\">des Zweckverbandes zur\u00a0Wasserversorgung der\u00a0Veitensteingruppe<\/h5>\n<p>[\/et_pb_text][et_pb_image src=&#8220;https:\/\/www.veitensteingruppe.de\/wp-content\/uploads\/2021\/01\/download_icon2.png&#8220; title_text=&#8220;download_icon_1&#8243; url=&#8220;https:\/\/www.veitensteingruppe.de\/wp-content\/uploads\/2021\/01\/PDF_Veitensteingruppe_Verbandssatzung.pdf&#8220; url_new_window=&#8220;on&#8220; align=&#8220;center&#8220; _builder_version=&#8220;4.24.3&#8243; _module_preset=&#8220;default&#8220; filter_opacity=&#8220;70%&#8220; animation_style=&#8220;fold&#8220; animation_direction=&#8220;top&#8220; global_colors_info=&#8220;{}&#8220; src__hover_enabled=&#8220;on|hover&#8220; src__hover=&#8220;https:\/\/www.veitensteingruppe.de\/wp-content\/uploads\/2021\/01\/download_icon_1.png&#8220;][\/et_pb_image][et_pb_text _builder_version=&#8220;4.16&#8243; _module_preset=&#8220;default&#8220; header_5_font_size=&#8220;18px&#8220; header_5_line_height=&#8220;2em&#8220; header_6_text_color=&#8220;#466fa5&#8243; width=&#8220;80%&#8220; module_alignment=&#8220;center&#8220; animation_style=&#8220;slide&#8220; animation_direction=&#8220;bottom&#8220; global_colors_info=&#8220;{}&#8220;]<\/p>\n<h6 style=\"text-align: center;\">Download der Verbandsatzung \u00b7\u00a0PDF-Datei<\/h6>\n<p>[\/et_pb_text][\/et_pb_column][\/et_pb_row][\/et_pb_section][et_pb_section fb_built=&#8220;1&#8243; _builder_version=&#8220;4.16&#8243; _module_preset=&#8220;default&#8220; use_background_color_gradient=&#8220;on&#8220; background_color_gradient_direction=&#8220;1deg&#8220; background_color_gradient_stops=&#8220;rgba(12,113,195,0.27) 0%|rgba(11,116,186,0) 67%&#8220; background_color_gradient_start=&#8220;rgba(12,113,195,0.27)&#8220; background_color_gradient_end=&#8220;rgba(11,116,186,0)&#8220; background_color_gradient_end_position=&#8220;67%&#8220; custom_padding=&#8220;0px|||||&#8220; global_colors_info=&#8220;{}&#8220;][et_pb_row _builder_version=&#8220;4.16&#8243; _module_preset=&#8220;default&#8220; custom_padding=&#8220;110px|||||&#8220; global_colors_info=&#8220;{}&#8220;][et_pb_column type=&#8220;4_4&#8243; _builder_version=&#8220;4.16&#8243; _module_preset=&#8220;default&#8220; global_colors_info=&#8220;{}&#8220;][et_pb_text _builder_version=&#8220;4.16&#8243; _module_preset=&#8220;default&#8220; text_text_color=&#8220;#0c71c3&#8243; header_font=&#8220;|600|||||||&#8220; header_text_color=&#8220;#0c71c3&#8243; header_line_height=&#8220;1.7em&#8220; animation_style=&#8220;slide&#8220; animation_direction=&#8220;bottom&#8220; global_colors_info=&#8220;{}&#8220;]<\/p>\n<h1 style=\"text-align: center;\">Das Versorgungsgebiet der Veitensteingruppe<\/h1>\n<p>[\/et_pb_text][et_pb_text _builder_version=&#8220;4.16&#8243; _module_preset=&#8220;default&#8220; header_5_font_size=&#8220;18px&#8220; header_5_line_height=&#8220;2em&#8220; width=&#8220;80%&#8220; module_alignment=&#8220;center&#8220; animation_style=&#8220;slide&#8220; animation_direction=&#8220;bottom&#8220; global_colors_info=&#8220;{}&#8220;]<\/p>\n<h5 style=\"text-align: center;\">Im Versorgungsgebiet der Veitensteingruppe werden in 32 Ortschaften und Weilern ca. 5.500 Einwohner mit Trinkwasser versorgt.<br \/>Wir f\u00f6rdern knapp 250.000 Kubikmeter Wasser pro Jahr und verkaufen etwa 235.000.<br \/>Wir f\u00f6rdern das Wasser aus 2 Brunnen mit maximal 16 l\/s.<br \/>In 7 Hochbeh\u00e4ltern speichern wir insgesamt ca. 1.800 m\u00b3.<br \/>Die F\u00f6rdermenge pro Tag betr\u00e4gt in den Wintermonaten ca. 600 m\u00b3,<br \/>an Spitzentagen im Sommer auch schon mal 1.300 m\u00b3.<br \/>\u00a0<\/h5>\n<p>[\/et_pb_text][et_pb_image src=&#8220;https:\/\/www.veitensteingruppe.de\/wp-content\/uploads\/2021\/01\/Versorgungsgebiet_Veitensteingruppe-1024&#215;724.jpg&#8220; title_text=&#8220;Versorgungsgebiet_Veitensteingruppe&#8220; url=&#8220;https:\/\/www.veitensteingruppe.de\/wp-content\/uploads\/2021\/01\/PDF_Versorgungsgebiet_Veitensteingruppe.pdf&#8220; url_new_window=&#8220;on&#8220; align=&#8220;center&#8220; _builder_version=&#8220;4.16&#8243; _module_preset=&#8220;default&#8220; animation_style=&#8220;fold&#8220; global_colors_info=&#8220;{}&#8220;][\/et_pb_image][\/et_pb_column][\/et_pb_row][\/et_pb_section][et_pb_section fb_built=&#8220;1&#8243; _builder_version=&#8220;4.16&#8243; _module_preset=&#8220;default&#8220; use_background_color_gradient=&#8220;on&#8220; background_color_gradient_direction=&#8220;1deg&#8220; background_color_gradient_stops=&#8220;rgba(126,157,204,0.09) 0%|#ffffff 100%&#8220; background_color_gradient_start=&#8220;rgba(126,157,204,0.09)&#8220; background_color_gradient_end=&#8220;#ffffff&#8220; background_enable_image=&#8220;off&#8220; custom_padding=&#8220;63px||106px|||&#8220; global_colors_info=&#8220;{}&#8220;][et_pb_row _builder_version=&#8220;4.16&#8243; _module_preset=&#8220;default&#8220; custom_padding=&#8220;110px|||||&#8220; global_colors_info=&#8220;{}&#8220;][et_pb_column type=&#8220;4_4&#8243; _builder_version=&#8220;4.16&#8243; _module_preset=&#8220;default&#8220; global_colors_info=&#8220;{}&#8220;][et_pb_text _builder_version=&#8220;4.16&#8243; _module_preset=&#8220;default&#8220; text_text_color=&#8220;#0c71c3&#8243; header_font=&#8220;|600|||||||&#8220; header_text_color=&#8220;#0c71c3&#8243; header_line_height=&#8220;1.7em&#8220; custom_margin=&#8220;||6px|||&#8220; animation_style=&#8220;slide&#8220; animation_direction=&#8220;bottom&#8220; global_colors_info=&#8220;{}&#8220;]<\/p>\n<h1 style=\"text-align: center;\">Wasserschutzgebiet<\/h1>\n<p>[\/et_pb_text][et_pb_text _builder_version=&#8220;4.16&#8243; _module_preset=&#8220;default&#8220; header_5_font_size=&#8220;18px&#8220; header_5_line_height=&#8220;2em&#8220; width=&#8220;80%&#8220; module_alignment=&#8220;center&#8220; animation_style=&#8220;slide&#8220; animation_direction=&#8220;bottom&#8220; global_colors_info=&#8220;{}&#8220;]<\/p>\n<h5 style=\"text-align: center;\">Dort wo unser Trinkwasser gewonnen wird sorgen Wasserschutzgebiete daf\u00fcr,<br \/>dass das Grundwasser in seiner Beschaffenheit nicht beeintr\u00e4chtigt wird<br \/>und die sch\u00fctzende Bodenschicht unverletzt bleibt.<\/p>\n<p>Der Schutz des Trinkwassers endet jedoch nicht an den Grenzen des Wasserschutzgebietes.<br \/>Wir m\u00fcssen uns stets bewusst sein, dass Wasser eine elementare Stellung einnimmt,<br \/>und der Schutz eine wesentliche Aufgabe jedes Einzelnen ist.<br \/>Die Verantwortlichen des Zweckverbandes setzen alles daran<br \/>in Zusammenarbeit mit den Landwirten im Wasserschutzgebiet das Grundwasser zu sch\u00fctzen.<br \/>Ein wesentlicher Schutz wurde dadurch erreicht,<br \/>dass die Ackerfl\u00e4chen in der Schutzzone II kpl. durch den Zweckverband aufgekauft wurden.<br \/>Die Ackerfl\u00e4chen wurden in Gr\u00fcnland umgewandelt.<br \/>Ein Ausbringen von D\u00fcnger und Pflanzenschutzmittel jeglicher Art ist hier strengstens untersagt.<\/h5>\n<p>[\/et_pb_text][\/et_pb_column][\/et_pb_row][et_pb_row _builder_version=&#8220;4.16&#8243; _module_preset=&#8220;default&#8220; custom_padding=&#8220;36px|||||&#8220; global_colors_info=&#8220;{}&#8220;][et_pb_column type=&#8220;4_4&#8243; _builder_version=&#8220;4.16&#8243; _module_preset=&#8220;default&#8220; global_colors_info=&#8220;{}&#8220;][et_pb_divider _builder_version=&#8220;4.16&#8243; _module_preset=&#8220;default&#8220; global_colors_info=&#8220;{}&#8220;][\/et_pb_divider][et_pb_text _builder_version=&#8220;4.16&#8243; _module_preset=&#8220;default&#8220; text_text_color=&#8220;#0c71c3&#8243; header_font=&#8220;|600|||||||&#8220; header_text_color=&#8220;#0c71c3&#8243; header_line_height=&#8220;1.7em&#8220; custom_margin=&#8220;||6px|||&#8220; animation_style=&#8220;slide&#8220; animation_direction=&#8220;bottom&#8220; global_colors_info=&#8220;{}&#8220;]<\/p>\n<h1 style=\"text-align: center;\">Gr\u00f6\u00dfe des Wasserschutzgebietes neu:<\/h1>\n<p>[\/et_pb_text][et_pb_text _builder_version=&#8220;4.16&#8243; _module_preset=&#8220;default&#8220; header_5_font_size=&#8220;18px&#8220; header_5_line_height=&#8220;2em&#8220; width=&#8220;80%&#8220; module_alignment=&#8220;center&#8220; animation_style=&#8220;slide&#8220; animation_direction=&#8220;bottom&#8220; global_colors_info=&#8220;{}&#8220;]<\/p>\n<h5 style=\"text-align: center;\">Schutzzone II ca. 20 ha Gr\u00fcnland im Eigentum des ZV<br \/>ca. 10 ha Wald<br \/>Schutzzone III ca. 80 ha landwirtschaftlich genutzte Fl\u00e4che<br \/>ca. 40 ha Wald<\/h5>\n<p>[\/et_pb_text][et_pb_text _builder_version=&#8220;4.16&#8243; _module_preset=&#8220;default&#8220; text_text_color=&#8220;#0c71c3&#8243; header_font=&#8220;|600|||||||&#8220; header_text_color=&#8220;#0c71c3&#8243; header_line_height=&#8220;1.7em&#8220; custom_margin=&#8220;||6px|||&#8220; animation_style=&#8220;slide&#8220; animation_direction=&#8220;bottom&#8220; global_colors_info=&#8220;{}&#8220;]<\/p>\n<h1 style=\"text-align: center;\">Gr\u00f6\u00dfe des Wasserschutzgebietes Altbrunnen:<\/h1>\n<p>[\/et_pb_text][et_pb_text _builder_version=&#8220;4.16&#8243; _module_preset=&#8220;default&#8220; header_5_font_size=&#8220;18px&#8220; header_5_line_height=&#8220;2em&#8220; width=&#8220;80%&#8220; module_alignment=&#8220;center&#8220; animation_style=&#8220;slide&#8220; animation_direction=&#8220;bottom&#8220; global_colors_info=&#8220;{}&#8220;]<\/p>\n<h5 style=\"text-align: center;\"><span>Schutzzone II + III ca. 12 ha Gr\u00fcnland, Ackerland und bebaute Fl\u00e4che<\/span><\/h5>\n<p>[\/et_pb_text][et_pb_image src=&#8220;https:\/\/www.veitensteingruppe.de\/wp-content\/uploads\/2021\/01\/wasserschutzgebiet-736&#215;1024.jpg&#8220; title_text=&#8220;wasserschutzgebiet&#8220; url=&#8220;https:\/\/www.veitensteingruppe.de\/wp-content\/uploads\/2021\/01\/PDF_Wasserschutzgebiet_web.pdf&#8220; url_new_window=&#8220;on&#8220; align=&#8220;center&#8220; _builder_version=&#8220;4.16&#8243; _module_preset=&#8220;default&#8220; animation_style=&#8220;fold&#8220; animation_direction=&#8220;top&#8220; global_colors_info=&#8220;{}&#8220; src__hover_enabled=&#8220;on|hover&#8220; src__hover=&#8220;https:\/\/www.veitensteingruppe.de\/wp-content\/uploads\/2021\/01\/wasserschutzgebiet.jpg&#8220; filter_opacity__hover_enabled=&#8220;on|hover&#8220; filter_opacity__hover=&#8220;81%&#8220;][\/et_pb_image][et_pb_text _builder_version=&#8220;4.16&#8243; _module_preset=&#8220;default&#8220; header_5_font_size=&#8220;18px&#8220; header_5_line_height=&#8220;2em&#8220; header_6_text_color=&#8220;#466fa5&#8243; width=&#8220;80%&#8220; module_alignment=&#8220;center&#8220; animation_style=&#8220;slide&#8220; animation_direction=&#8220;bottom&#8220; global_colors_info=&#8220;{}&#8220;]<\/p>\n<h6 style=\"text-align: center;\">Download der \u00dcbersicht \u00b7\u00a0PDF-Datei<\/h6>\n<p>[\/et_pb_text][\/et_pb_column][\/et_pb_row][\/et_pb_section][et_pb_section fb_built=&#8220;1&#8243; _builder_version=&#8220;4.16&#8243; _module_preset=&#8220;default&#8220; background_color_gradient_direction=&#8220;1deg&#8220; background_image=&#8220;https:\/\/www.veitensteingruppe.de\/wp-content\/uploads\/2021\/01\/wasserglaeser_hell.jpg&#8220; parallax=&#8220;on&#8220; custom_padding=&#8220;63px||106px|||&#8220; global_colors_info=&#8220;{}&#8220;][et_pb_row _builder_version=&#8220;4.16&#8243; _module_preset=&#8220;default&#8220; custom_padding=&#8220;110px|||||&#8220; global_colors_info=&#8220;{}&#8220;][et_pb_column type=&#8220;4_4&#8243; _builder_version=&#8220;4.16&#8243; _module_preset=&#8220;default&#8220; global_colors_info=&#8220;{}&#8220;][et_pb_text _builder_version=&#8220;4.16&#8243; _module_preset=&#8220;default&#8220; text_text_color=&#8220;#0c71c3&#8243; header_font=&#8220;|600|||||||&#8220; header_text_color=&#8220;#0c71c3&#8243; header_line_height=&#8220;1.7em&#8220; custom_margin=&#8220;||6px|||&#8220; animation_style=&#8220;slide&#8220; animation_direction=&#8220;bottom&#8220; global_colors_info=&#8220;{}&#8220;]<\/p>\n<h1 style=\"text-align: center;\">Chronik<\/h1>\n<p>[\/et_pb_text][et_pb_text _builder_version=&#8220;4.16&#8243; _module_preset=&#8220;default&#8220; header_5_font_size=&#8220;18px&#8220; header_5_line_height=&#8220;2em&#8220; width=&#8220;80%&#8220; module_alignment=&#8220;center&#8220; animation_style=&#8220;slide&#8220; animation_direction=&#8220;bottom&#8220; global_colors_info=&#8220;{}&#8220;]<\/p>\n<h5 style=\"text-align: center;\">des Zweckverbandes zur\u00a0Wasserversorgung der\u00a0Veitensteingruppe<\/h5>\n<p>[\/et_pb_text][et_pb_image src=&#8220;https:\/\/www.veitensteingruppe.de\/wp-content\/uploads\/2021\/01\/download_icon2.png&#8220; title_text=&#8220;download_icon_1&#8243; url=&#8220;https:\/\/www.veitensteingruppe.de\/wp-content\/uploads\/2021\/01\/PDF_Chronik_Veitensteingruppe.pdf&#8220; align=&#8220;center&#8220; _builder_version=&#8220;4.16&#8243; _module_preset=&#8220;default&#8220; filter_opacity=&#8220;70%&#8220; animation_style=&#8220;fold&#8220; animation_direction=&#8220;top&#8220; global_colors_info=&#8220;{}&#8220; src__hover_enabled=&#8220;on|hover&#8220; src__hover=&#8220;https:\/\/www.veitensteingruppe.de\/wp-content\/uploads\/2021\/01\/download_icon_1.png&#8220;][\/et_pb_image][et_pb_text _builder_version=&#8220;4.16&#8243; _module_preset=&#8220;default&#8220; header_5_font_size=&#8220;18px&#8220; header_5_line_height=&#8220;2em&#8220; header_6_text_color=&#8220;#466fa5&#8243; width=&#8220;80%&#8220; module_alignment=&#8220;center&#8220; animation_style=&#8220;slide&#8220; animation_direction=&#8220;bottom&#8220; global_colors_info=&#8220;{}&#8220;]<\/p>\n<h6 style=\"text-align: center;\">Download der Chronik \u00b7\u00a0PDF-Datei<\/h6>\n<p>[\/et_pb_text][\/et_pb_column][\/et_pb_row][\/et_pb_section][et_pb_section fb_built=&#8220;1&#8243; _builder_version=&#8220;4.25.0&#8243; _module_preset=&#8220;default&#8220; background_color_gradient_direction=&#8220;1deg&#8220; parallax=&#8220;on&#8220; custom_padding=&#8220;63px||106px|||&#8220; hover_enabled=&#8220;0&#8243; global_colors_info=&#8220;{}&#8220; background_enable_image=&#8220;off&#8220; background_color=&#8220;rgba(159,170,204,0.09)&#8220; sticky_enabled=&#8220;0&#8243;][et_pb_row _builder_version=&#8220;4.16&#8243; _module_preset=&#8220;default&#8220; custom_padding=&#8220;45px|||||&#8220; global_colors_info=&#8220;{}&#8220; column_structure=&#8220;3_4,1_4&#8243;][et_pb_column type=&#8220;3_4&#8243; _builder_version=&#8220;4.16&#8243; _module_preset=&#8220;default&#8220; global_colors_info=&#8220;{}&#8220;][et_pb_text _builder_version=&#8220;4.25.0&#8243; _module_preset=&#8220;default&#8220; text_text_color=&#8220;#0c71c3&#8243; header_font=&#8220;&#8211;et_global_heading_font|600|||||||&#8220; header_text_color=&#8220;#0c71c3&#8243; header_line_height=&#8220;1.5em&#8220; custom_margin=&#8220;||6px|||&#8220; animation_style=&#8220;slide&#8220; animation_direction=&#8220;bottom&#8220; hover_enabled=&#8220;0&#8243; global_colors_info=&#8220;{}&#8220; header_font_size=&#8220;45px&#8220; text_font_size=&#8220;27px&#8220; text_line_height=&#8220;1.8em&#8220; sticky_enabled=&#8220;0&#8243;]<\/p>\n<p style=\"text-align: left;\"><b>Verabschiedung von Wasserwart Alfons Griebel nach fast 36 Dienstjahren beim Zweckverband zur Trinkwasserversorgung der Veitensteingruppe<span class=\"Apple-converted-space\">\u00a0<\/span><\/b><\/p>\n<p>[\/et_pb_text][et_pb_text _builder_version=&#8220;4.25.0&#8243; _module_preset=&#8220;default&#8220; header_5_font_size=&#8220;18px&#8220; header_5_line_height=&#8220;2em&#8220; width=&#8220;100%&#8220; module_alignment=&#8220;center&#8220; animation_style=&#8220;slide&#8220; animation_direction=&#8220;bottom&#8220; hover_enabled=&#8220;0&#8243; global_colors_info=&#8220;{}&#8220; sticky_enabled=&#8220;0&#8243;]<\/p>\n<p>Im M\u00e4rz 2024 trat Alfons Griebel, allen bekannt als der \u201eWassermann\u201c, seinen wohlverdienten Ruhestand an.<span class=\"Apple-converted-space\">\u00a0<\/span><\/p>\n<p>In seiner langj\u00e4hrigen Laufbahn beim Zweckverband vom 01<b>.<\/b>06.1988 \u2013 29.02.2024 hat er viele Renovierungsarbeiten und Neuerungen begleitet. Das vielleicht wichtigste Projekt war dabei die Inbetriebnahme der neuen Brunnen im Jahre 1994.<span class=\"Apple-converted-space\">\u00a0<\/span><\/p>\n<p>Seine Aufgaben waren sehr vielf\u00e4ltig und erstreckten sich vom Wasserleitungsbau und Instandhaltungsarbeiten bis zur t\u00e4glichen Routine- bzw. Verwaltungst\u00e4tigkeit. Auch Notfalleins\u00e4tze an Wochenenden bzw. Feiertagen und die regelm\u00e4\u00dfige Rufbereitschaft geh\u00f6rten zur Tagesordnung. Alfons Griebel war im gesamten Gemeindegebiet bekannt und beliebt und kannte umgekehrt auch nahezu alle B\u00fcrger.<span class=\"Apple-converted-space\">\u00a0<\/span><\/p>\n<p>Mit sehr viel Leidenschaft hat er sich f\u00fcr seinen Zweckverband eingesetzt, seine Arbeit war ihm eher Berufung als nur ein Beruf.<span class=\"Apple-converted-space\">\u00a0<\/span><\/p>\n<p>Der Zweckverband bedankt sich deshalb bei seinem Wasserwart Herrn Alfons Griebel recht herzlich f\u00fcr seine Treue und Zuverl\u00e4ssigkeit in seiner langen Dienstzeit und w\u00fcnscht ihm einen erholsamen und entspannten Ruhestand.<span class=\"Apple-converted-space\">\u00a0<\/span><\/p>\n<p><i>gez. Wasserversorgung Veitensteingruppe<span class=\"Apple-converted-space\">\u00a0<\/span><\/i><\/p>\n<p><span class=\"Apple-converted-space\">\u00a0<\/span><\/p>\n<p>[\/et_pb_text][\/et_pb_column][et_pb_column type=&#8220;1_4&#8243; _builder_version=&#8220;4.16&#8243; _module_preset=&#8220;default&#8220; global_colors_info=&#8220;{}&#8220;][et_pb_image src=&#8220;https:\/\/www.veitensteingruppe.de\/wp-content\/uploads\/2024\/04\/Verabschiedung_Herr_Griebel.jpg&#8220; _builder_version=&#8220;4.25.0&#8243; _module_preset=&#8220;default&#8220; title_text=&#8220;Verabschiedung_Herr_Griebel&#8220; hover_enabled=&#8220;0&#8243; sticky_enabled=&#8220;0&#8243;][\/et_pb_image][et_pb_text _builder_version=&#8220;4.25.0&#8243; _module_preset=&#8220;default&#8220; header_5_font_size=&#8220;18px&#8220; header_5_line_height=&#8220;2em&#8220; width=&#8220;100%&#8220; module_alignment=&#8220;center&#8220; animation_style=&#8220;slide&#8220; animation_direction=&#8220;bottom&#8220; hover_enabled=&#8220;0&#8243; global_colors_info=&#8220;{}&#8220; sticky_enabled=&#8220;0&#8243;]<\/p>\n<p><span><span class=\"Apple-converted-space\">\u00a0<\/span><\/span><i>v.l.: Zweckverbandsvorsitzende R. Frank und Wasserwart Alfons Griebel Foto: G. Prell<span class=\"Apple-converted-space\">\u00a0<\/span><\/i><\/p>\n<p>[\/et_pb_text][\/et_pb_column][\/et_pb_row][\/et_pb_section]<\/p>\n","protected":false},"excerpt":{"rendered":"<p>Die VeitensteingruppeDie Veitensteingruppe wurde im Jahre 1959 gegr\u00fcndet von den B\u00fcrgermeistern und Gemeinder\u00e4ten der Orte Appendorf, Deusdorf, Rudendorf, Lu\u00dfberg und Kirchlauter, damals noch unter dem Namen Zweckverband Lautergrund. 1962 wurde in der Verbandsversammlung auf Verlangen des Bayerischen Landesamtes f\u00fcr Wasserversorgung und Gew\u00e4sserschutz der &#8222;Zweckverband zur Wasserversorgung der Lautergrund-Gruppe&#8220; in &#8222;Zweckverband zur Wasserversorgung der Veitensteingruppe&#8220; umbenannt. [&hellip;]<\/p>\n","protected":false},"author":1,"featured_media":0,"parent":0,"menu_order":0,"comment_status":"closed","ping_status":"closed","template":"","meta":{"_et_pb_use_builder":"on","_et_pb_old_content":"","_et_gb_content_width":"","footnotes":""},"class_list":["post-77","page","type-page","status-publish","hentry"],"_links":{"self":[{"href":"https:\/\/www.veitensteingruppe.de\/index.php\/wp-json\/wp\/v2\/pages\/77","targetHints":{"allow":["GET"]}}],"collection":[{"href":"https:\/\/www.veitensteingruppe.de\/index.php\/wp-json\/wp\/v2\/pages"}],"about":[{"href":"https:\/\/www.veitensteingruppe.de\/index.php\/wp-json\/wp\/v2\/types\/page"}],"author":[{"embeddable":true,"href":"https:\/\/www.veitensteingruppe.de\/index.php\/wp-json\/wp\/v2\/users\/1"}],"replies":[{"embeddable":true,"href":"https:\/\/www.veitensteingruppe.de\/index.php\/wp-json\/wp\/v2\/comments?post=77"}],"version-history":[{"count":30,"href":"https:\/\/www.veitensteingruppe.de\/index.php\/wp-json\/wp\/v2\/pages\/77\/revisions"}],"predecessor-version":[{"id":367,"href":"https:\/\/www.veitensteingruppe.de\/index.php\/wp-json\/wp\/v2\/pages\/77\/revisions\/367"}],"wp:attachment":[{"href":"https:\/\/www.veitensteingruppe.de\/index.php\/wp-json\/wp\/v2\/media?parent=77"}],"curies":[{"name":"wp","href":"https:\/\/api.w.org\/{rel}","templated":true}]}}